{"id":529,"date":"2017-12-13T13:17:12","date_gmt":"2017-12-13T12:17:12","guid":{"rendered":"https:\/\/www.parkhotel-del-mar.de\/?post_type=project&#038;p=529"},"modified":"2022-11-28T13:04:26","modified_gmt":"2022-11-28T12:04:26","slug":"schnell-mal-weg","status":"publish","type":"project","link":"https:\/\/www.parkhotel-del-mar.de\/?project=schnell-mal-weg","title":{"rendered":"\u201eSchnell mal weg\u2026.\u201c"},"content":{"rendered":"<p>[et_pb_section fb_built=&#8220;1&#8243; fullwidth=&#8220;on&#8220; _builder_version=&#8220;4.16&#8243; global_colors_info=&#8220;{}&#8220;][et_pb_fullwidth_image src=&#8220;https:\/\/www.parkhotel-del-mar.de\/wp-content\/uploads\/2017\/12\/header-arra.jpg&#8220; _builder_version=&#8220;4.16&#8243; background_size=&#8220;initial&#8220; background_position=&#8220;top_left&#8220; background_repeat=&#8220;repeat&#8220; global_colors_info=&#8220;{}&#8220;][\/et_pb_fullwidth_image][\/et_pb_section][et_pb_section fb_built=&#8220;1&#8243; module_id=&#8220;buchungsleiste&#8220; _builder_version=&#8220;4.16&#8243; global_colors_info=&#8220;{}&#8220;][et_pb_row module_class=&#8220;quickbooking&#8220; _builder_version=&#8220;4.18.0&#8243; custom_margin=&#8220;||||true|false&#8220; locked=&#8220;off&#8220; global_colors_info=&#8220;{}&#8220;][et_pb_column type=&#8220;4_4&#8243; _builder_version=&#8220;4.16&#8243; custom_padding=&#8220;|||&#8220; global_colors_info=&#8220;{}&#8220; custom_padding__hover=&#8220;|||&#8220;][et_pb_code _builder_version=&#8220;4.16&#8243; global_colors_info=&#8220;{}&#8220;]<\/p>\n<div id=\"d21-quickbook\"><\/div>\n<p>[\/et_pb_code][\/et_pb_column][\/et_pb_row][\/et_pb_section][et_pb_section fb_built=&#8220;1&#8243; _builder_version=&#8220;4.16&#8243; global_colors_info=&#8220;{}&#8220;][et_pb_row column_structure=&#8220;2_3,1_3&#8243; _builder_version=&#8220;4.16&#8243; background_size=&#8220;initial&#8220; background_position=&#8220;top_left&#8220; background_repeat=&#8220;repeat&#8220; global_colors_info=&#8220;{}&#8220;][et_pb_column type=&#8220;2_3&#8243; _builder_version=&#8220;4.16&#8243; custom_padding=&#8220;|||&#8220; global_colors_info=&#8220;{}&#8220; custom_padding__hover=&#8220;|||&#8220;][et_pb_text _builder_version=&#8220;4.16&#8243; global_colors_info=&#8220;{}&#8220;]<\/p>\n<h1>\u201eSchnell mal weg\u2026.\u201c<\/h1>\n<p>Erleben Sie die erholsame, ruhige Atmosph\u00e4re nach dem Touristenandrang der Ferienzeit. Lange Spazierg\u00e4nge und Wanderungen am Meer, im Park und in unendlichen W\u00e4ldern.<br \/>\n[\/et_pb_text][et_pb_button button_url=&#8220;\/?page_id=84&#8243; button_text=&#8220;Kontaktieren Sie uns&#8220; _builder_version=&#8220;4.16&#8243; global_colors_info=&#8220;{}&#8220; button_text_size__hover_enabled=&#8220;off&#8220; button_one_text_size__hover_enabled=&#8220;off&#8220; button_two_text_size__hover_enabled=&#8220;off&#8220; button_text_color__hover_enabled=&#8220;off&#8220; button_one_text_color__hover_enabled=&#8220;off&#8220; button_two_text_color__hover_enabled=&#8220;off&#8220; button_border_width__hover_enabled=&#8220;off&#8220; button_one_border_width__hover_enabled=&#8220;off&#8220; button_two_border_width__hover_enabled=&#8220;off&#8220; button_border_color__hover_enabled=&#8220;off&#8220; button_one_border_color__hover_enabled=&#8220;off&#8220; button_two_border_color__hover_enabled=&#8220;off&#8220; button_border_radius__hover_enabled=&#8220;off&#8220; button_one_border_radius__hover_enabled=&#8220;off&#8220; button_two_border_radius__hover_enabled=&#8220;off&#8220; button_letter_spacing__hover_enabled=&#8220;off&#8220; button_one_letter_spacing__hover_enabled=&#8220;off&#8220; button_two_letter_spacing__hover_enabled=&#8220;off&#8220; button_bg_color__hover_enabled=&#8220;off&#8220; button_one_bg_color__hover_enabled=&#8220;off&#8220; button_two_bg_color__hover_enabled=&#8220;off&#8220;][\/et_pb_button][et_pb_code admin_label=&#8220;space&#8220; _builder_version=&#8220;4.16&#8243; global_colors_info=&#8220;{}&#8220;]<!\u2013- [et_pb_br_holder] -\u2013><!\u2013- [et_pb_br_holder] -\u2013>[\/et_pb_code][et_pb_text _builder_version=&#8220;4.16&#8243; global_colors_info=&#8220;{}&#8220;]<\/p>\n<h2>Die Leistungen im \u00dcberblick<\/h2>\n<p>[\/et_pb_text][et_pb_code _builder_version=&#8220;4.16&#8243; global_colors_info=&#8220;{}&#8220;]<\/p>\n<div class=\"divTable\"><!-- [et_pb_line_break_holder] --><\/p>\n<div class=\"divTableBody\"><!-- [et_pb_line_break_holder] --><\/p>\n<div class=\"divTableRow\"><!-- [et_pb_line_break_holder] --><\/p>\n<div class=\"divTableCell\">\u00a01x<\/div>\n<p><!-- [et_pb_line_break_holder] --><\/p>\n<div class=\"divTableCell\">Begr\u00fc\u00dfungsgetr\u00e4nk<\/div>\n<p><!-- [et_pb_line_break_holder] --><\/div>\n<p><!-- [et_pb_line_break_holder] --><\/p>\n<div class=\"divTableRow\"><!-- [et_pb_line_break_holder] --><\/p>\n<div class=\"divTableCell\">\u00a03x<\/div>\n<p><!-- [et_pb_line_break_holder] --><\/p>\n<div class=\"divTableCell\">\u00dcbernachtungen (<strong>4 Tage<\/strong>) im modern ausgestatteten\u00a0 Doppelzimmer\u00a0<strong>oder<\/strong> im Apartment mit komplett ausgestatteter K\u00fcche, <strong>gegen Aufpreis<\/strong><!\u2013- [et_pb_br_holder] -\u2013><!-- [et_pb_line_break_holder] -->&#8211; 1. Flasche Wein und Mineralwasser bei Anreise gratis auf Ihrem Zimmer<\/div>\n<p><!-- [et_pb_line_break_holder] --><\/div>\n<p><!-- [et_pb_line_break_holder] --><\/p>\n<div class=\"divTableRow\"><!-- [et_pb_line_break_holder] --><\/p>\n<div class=\"divTableCell\">\u00a03x<\/div>\n<p><!-- [et_pb_line_break_holder] --><\/p>\n<div class=\"divTableCell\">abwechslungsreiches Fr\u00fchst\u00fccksbuffet<\/div>\n<p><!-- [et_pb_line_break_holder] --><\/div>\n<p><!-- [et_pb_line_break_holder] --><\/p>\n<div class=\"divTableRow\"><!-- [et_pb_line_break_holder] --><\/p>\n<div class=\"divTableCell\">\u00a01x<\/div>\n<p><!-- [et_pb_line_break_holder] --><\/p>\n<div class=\"divTableCell\">Leihfahrrad pro Person f\u00fcr 1. Tage<\/div>\n<p><!-- [et_pb_line_break_holder] --><\/div>\n<p><!-- [et_pb_line_break_holder] --><\/div>\n<p><!-- [et_pb_line_break_holder] --><\/div>\n<p>[\/et_pb_code][et_pb_text _builder_version=&#8220;4.16&#8243; global_colors_info=&#8220;{}&#8220;]<strong>gerne k\u00f6nnen Sie auch Halbpension f\u00fcr 28,50 \u20ac p.P. \/Tag dazu buchen<\/strong><br \/>\n(hierbei erhalten Sie in unserem Partnerrestaurant \u201eAltstadt-Brasserie\u201c, ca. 200 m. vom Hotel entfernt, wahlweise ein 3. Gang Men\u00fc)<br \/>\n[\/et_pb_text][et_pb_button button_url=&#8220;\/?page_id=84&#8243; button_text=&#8220;Kontaktieren Sie uns&#8220; _builder_version=&#8220;4.16&#8243; global_colors_info=&#8220;{}&#8220; button_text_size__hover_enabled=&#8220;off&#8220; button_one_text_size__hover_enabled=&#8220;off&#8220; button_two_text_size__hover_enabled=&#8220;off&#8220; button_text_color__hover_enabled=&#8220;off&#8220; button_one_text_color__hover_enabled=&#8220;off&#8220; button_two_text_color__hover_enabled=&#8220;off&#8220; button_border_width__hover_enabled=&#8220;off&#8220; button_one_border_width__hover_enabled=&#8220;off&#8220; button_two_border_width__hover_enabled=&#8220;off&#8220; button_border_color__hover_enabled=&#8220;off&#8220; button_one_border_color__hover_enabled=&#8220;off&#8220; button_two_border_color__hover_enabled=&#8220;off&#8220; button_border_radius__hover_enabled=&#8220;off&#8220; button_one_border_radius__hover_enabled=&#8220;off&#8220; button_two_border_radius__hover_enabled=&#8220;off&#8220; button_letter_spacing__hover_enabled=&#8220;off&#8220; button_one_letter_spacing__hover_enabled=&#8220;off&#8220; button_two_letter_spacing__hover_enabled=&#8220;off&#8220; button_bg_color__hover_enabled=&#8220;off&#8220; button_one_bg_color__hover_enabled=&#8220;off&#8220; button_two_bg_color__hover_enabled=&#8220;off&#8220;][\/et_pb_button][\/et_pb_column][et_pb_column type=&#8220;1_3&#8243; _builder_version=&#8220;4.16&#8243; custom_padding=&#8220;|||&#8220; global_colors_info=&#8220;{}&#8220; custom_padding__hover=&#8220;|||&#8220;][et_pb_code module_class=&#8220;highlightbox&#8220; _builder_version=&#8220;4.18.0&#8243; background_color=&#8220;#79b162&#8243; custom_padding=&#8220;|20px||20px|false|true&#8220; custom_css_main_element=&#8220;color:white;&#8220; global_colors_info=&#8220;{}&#8220;]<\/p>\n<div class=\"highlightbox--center highlightbox--has-icon\"><!-- [et_pb_line_break_holder] --><img decoding=\"async\" src=\"wp-content\/uploads\/2017\/12\/Info.png\" alt=\"Information\" width=\"40px\" height=\"auto\"><!-- [et_pb_line_break_holder] --><\/p>\n<h2>Schnell\u00fcbersicht<\/h2>\n<p><!-- [et_pb_line_break_holder] --><\/div>\n<p><!-- [et_pb_line_break_holder] --><\/p>\n<ul><!-- [et_pb_line_break_holder] --><\/p>\n<li>ab 3 \u00dcN <span class=\"arrangement-preis\"><strong> 129,00 \u20ac<\/strong><\/span> pro Pers. im DZ<\/li>\n<p><!-- [et_pb_line_break_holder] --><\/p>\n<li>ab 6 \u00dcN <span class=\"arrangement-preis\"><strong> 255,00 \u20ac<\/strong><\/span> pro Pers. im DZ<\/li>\n<p><!-- [et_pb_line_break_holder] --><\/p>\n<li>ab 3 \u00dcN <span class=\"arrangement-preis\"><strong> 198,00 \u20ac<\/strong><\/span> pro Pers. im EZ<\/li>\n<p><!-- [et_pb_line_break_holder] --><\/p>\n<li>ab 3 \u00dcN <span class=\"arrangement-preis\"><strong> 359,00 \u20ac<\/strong><\/span> pro Pers. im EZ<\/li>\n<p><!-- [et_pb_line_break_holder] --><\/ul>\n<p><!-- [et_pb_line_break_holder] --><!-- [et_pb_line_break_holder] --><\/p>\n<ul class=\"list-style-yes\"><!-- [et_pb_line_break_holder] --><\/p>\n<li><strong>Dauer:<\/strong> Ab 3 \u00dcbernachtungen<\/li>\n<p><!-- [et_pb_line_break_holder] --><\/p>\n<li><strong>Anreise:<\/strong> Alle Werktage<\/li>\n<p><!-- [et_pb_line_break_holder] --><\/p>\n<li><strong>Zeitraum:<\/strong> 15.01. bis 31.03.2023<\/li>\n<p><!-- [et_pb_line_break_holder] --><\/p>\n<li><strong>Zeitraum:<\/strong> 15.10. bis 20.12.2023<\/li>\n<p><!-- [et_pb_line_break_holder] --><\/p>\n<li><strong>Kinder 0-3 Jahre, kostenfrei<\/strong><!\u2013- [et_pb_br_holder] -\u2013><!-- [et_pb_line_break_holder] --> 4-14 Jahre, 50 % Erm\u00e4\u00dfigung<!\u2013- [et_pb_br_holder] -\u2013><!-- [et_pb_line_break_holder] -->Bitte melden Sie mitreisende Kinder direkt bei Buchung mit an.<!-- [et_pb_line_break_holder] -->Ferner beachten Sie die Maximalbelegung der jeweiligen Zimmerkategorien <!-- [et_pb_line_break_holder] --><\/li>\n<p><!-- [et_pb_line_break_holder] --><\/ul>\n<p><!-- [et_pb_line_break_holder] --><!-- [et_pb_line_break_holder] --><\/p>\n<ul class=\"list-style-yes\"><!-- [et_pb_line_break_holder] --><\/p>\n<li>Freie Nutzung des Wellnessbereiches mit Trockensauna, Dampfbad und Ruheraum, kostenloser Leihbademantel<\/li>\n<p><!-- [et_pb_line_break_holder] --><\/p>\n<li>Kostenloser W-LAN Zugang auf Ihrem Zimmer<\/li>\n<p><!-- [et_pb_line_break_holder] --><\/p>\n<li>Kostenloser Parkplatz am Hotel<\/li>\n<p><!-- [et_pb_line_break_holder] --><\/ul>\n<p>[\/et_pb_code][\/et_pb_column][\/et_pb_row][\/et_pb_section][et_pb_section fb_built=&#8220;1&#8243; _builder_version=&#8220;3.0.91&#8243; global_module=&#8220;489&#8243; global_colors_info=&#8220;{}&#8220;][et_pb_row _builder_version=&#8220;4.16&#8243; global_colors_info=&#8220;{}&#8220; column_structure=&#8220;1_3,1_3,1_3&#8243;][et_pb_column type=&#8220;1_3&#8243; module_class=&#8220;gray&#8211;box&#8220; _builder_version=&#8220;4.16&#8243; custom_padding=&#8220;|||&#8220; global_colors_info=&#8220;{}&#8220; custom_padding__hover=&#8220;|||&#8220;][et_pb_image src=&#8220;https:\/\/www.parkhotel-del-mar.de\/wp-content\/uploads\/2017\/12\/Gemuetliche_Zimmer.jpg&#8220; align_tablet=&#8220;center&#8220; align_last_edited=&#8220;on|desktop&#8220; module_class=&#8220;gray&#8211;box&#8211;img&#8220; _builder_version=&#8220;4.16&#8243; always_center_on_mobile=&#8220;on&#8220; global_colors_info=&#8220;{}&#8220; align_phone=&#8220;center&#8220;][\/et_pb_image][et_pb_text module_class=&#8220;gray&#8211;box&#8211;content&#8220; _builder_version=&#8220;4.16&#8243; global_colors_info=&#8220;{}&#8220;]<\/p>\n<h3>Gem\u00fctliche Zimmer mit Wohlf\u00fchlcharakter<\/h3>\n<p>Ob Einzelzimmer, Doppelzimmer, Suite oder Appartement \u2013 alle unsere Zimmer sind mit hochwertigen M\u00f6beln ausgestattet.<\/p>\n<p>[\/et_pb_text][et_pb_text module_class=&#8220;more&#8211;link gray&#8211;box&#8211;content&#8220; _builder_version=&#8220;4.16&#8243; global_colors_info=&#8220;{}&#8220;]<\/p>\n<p><a class=\"more--link-a\" href=\"\/?page_id=76\">Mehr &gt;<\/a><\/p>\n<p>[\/et_pb_text][\/et_pb_column][et_pb_column type=&#8220;1_3&#8243; module_class=&#8220;gray&#8211;box&#8220; _builder_version=&#8220;4.16&#8243; custom_padding=&#8220;|||&#8220; global_colors_info=&#8220;{}&#8220; custom_padding__hover=&#8220;|||&#8220;][et_pb_image src=&#8220;https:\/\/www.parkhotel-del-mar.de\/wp-content\/uploads\/2017\/12\/Sauna.jpg&#8220; align_tablet=&#8220;center&#8220; align_last_edited=&#8220;on|desktop&#8220; module_class=&#8220;gray&#8211;box&#8211;img&#8220; _builder_version=&#8220;4.16&#8243; always_center_on_mobile=&#8220;on&#8220; global_colors_info=&#8220;{}&#8220; align_phone=&#8220;center&#8220;][\/et_pb_image][et_pb_text module_class=&#8220;gray&#8211;box&#8211;content&#8220; _builder_version=&#8220;4.16&#8243; global_colors_info=&#8220;{}&#8220;]<\/p>\n<h3>Entspannen in der Sauna und im Dampfbad<\/h3>\n<p>Genie\u00dfen Sie unseren neuen wundersch\u00f6nen Wellnessbereich mit Trockensauna, Dampfbad und Ruheraum.<\/p>\n<p>[\/et_pb_text][et_pb_text module_class=&#8220;more&#8211;link gray&#8211;box&#8211;content&#8220; _builder_version=&#8220;4.16&#8243; global_colors_info=&#8220;{}&#8220;]<\/p>\n<p><a class=\"more--link-a\" href=\"\/?page_id=80\">Mehr &gt;<\/a><\/p>\n<p>[\/et_pb_text][\/et_pb_column][et_pb_column type=&#8220;1_3&#8243; module_class=&#8220;gray&#8211;box&#8220; _builder_version=&#8220;4.16&#8243; custom_padding=&#8220;|||&#8220; global_colors_info=&#8220;{}&#8220; custom_padding__hover=&#8220;|||&#8220;][et_pb_image src=&#8220;https:\/\/www.parkhotel-del-mar.de\/wp-content\/uploads\/2017\/12\/Unsere_Arrangements.jpg&#8220; align_tablet=&#8220;center&#8220; align_last_edited=&#8220;on|desktop&#8220; module_class=&#8220;green&#8211;box&#8211;img&#8220; _builder_version=&#8220;4.16&#8243; always_center_on_mobile=&#8220;on&#8220; global_colors_info=&#8220;{}&#8220; align_phone=&#8220;center&#8220;][\/et_pb_image][et_pb_text module_class=&#8220;gray&#8211;box&#8211;content&#8220; _builder_version=&#8220;4.16&#8243; global_colors_info=&#8220;{}&#8220;]<\/p>\n<h3>Unsere Angebote &#8211; jetzt clever sparen!<\/h3>\n<p>Clever sparen mit unseren attraktiven Angebote! Gerne finden wir gemeinsam das passende Angebot f\u00fcr Sie.<\/p>\n<p>[\/et_pb_text][et_pb_text module_class=&#8220;more&#8211;link gray&#8211;box&#8211;content&#8220; _builder_version=&#8220;4.16&#8243; global_colors_info=&#8220;{}&#8220;]<\/p>\n<p><a class=\"more--link-a\" href=\"\/?page_id=78\">Mehr &gt;<\/a><\/p>\n<p>[\/et_pb_text][\/et_pb_column][\/et_pb_row][\/et_pb_section][et_pb_section fb_built=&#8220;1&#8243; fullwidth=&#8220;on&#8220; _builder_version=&#8220;4.16&#8243; global_colors_info=&#8220;{}&#8220;][et_pb_fullwidth_map address=&#8220;Hauptstra\u00dfe 36&#8243; _builder_version=&#8220;4.16&#8243; global_colors_info=&#8220;{}&#8220;][\/et_pb_fullwidth_map][\/et_pb_section][et_pb_section fb_built=&#8220;1&#8243; _builder_version=&#8220;3.0.91&#8243; background_color=&#8220;#c8c8c8&#8243; global_module=&#8220;444&#8243; global_colors_info=&#8220;{}&#8220;][et_pb_row _builder_version=&#8220;4.16&#8243; background_size=&#8220;initial&#8220; background_position=&#8220;top_left&#8220; background_repeat=&#8220;repeat&#8220; global_colors_info=&#8220;{}&#8220; column_structure=&#8220;1_3,1_3,1_3&#8243;][et_pb_column type=&#8220;1_3&#8243; _builder_version=&#8220;4.16&#8243; custom_padding=&#8220;|||&#8220; global_colors_info=&#8220;{}&#8220; custom_padding__hover=&#8220;|||&#8220;][et_pb_text _builder_version=&#8220;4.16&#8243; text_orientation=&#8220;center&#8220; global_colors_info=&#8220;{}&#8220;]<\/p>\n<h3 style=\"color: #162e2f;\">Adresse<\/h3>\n<p>Parkhotel del Mar<br \/>\nHauptstra\u00dfe 36<br \/>\n18546 Sassnitz<\/p>\n<p>Tel.: <a href=\"tel:+49383926950\">038392 &#8211; 69 50<\/a><br \/>\neMail: info@parkhotel-del-mar.de<\/p>\n<p>[\/et_pb_text][\/et_pb_column][et_pb_column type=&#8220;1_3&#8243; _builder_version=&#8220;4.16&#8243; custom_padding=&#8220;|||&#8220; global_colors_info=&#8220;{}&#8220; custom_padding__hover=&#8220;|||&#8220;][et_pb_text _builder_version=&#8220;4.16&#8243; text_orientation=&#8220;center&#8220; global_colors_info=&#8220;{}&#8220;]<\/p>\n<h3 style=\"color: #162e2f;\">Social Media<\/h3>\n<p>Folgen Sie uns auf Instagram<\/p>\n<p><a href=\"https:\/\/www.instagram.com\/parkhotel_del_mar_sassnitz\/?hl=de\" target=\"_blank\" rel=\"noopener\"><img decoding=\"async\" class=\"alignnone size-full wp-image-304\" src=\"\/wp-content\/uploads\/2020\/01\/glyph-logo-fill.png\" alt=\"Das Parkhotel del Mar auf instagram\" width=\"50\"><br \/>\n<\/a><\/p>\n<p>[\/et_pb_text][\/et_pb_column][et_pb_column type=&#8220;1_3&#8243; _builder_version=&#8220;4.16&#8243; custom_padding=&#8220;|||&#8220; global_colors_info=&#8220;{}&#8220; custom_padding__hover=&#8220;|||&#8220;][et_pb_text _builder_version=&#8220;4.16&#8243; text_orientation=&#8220;center&#8220; global_colors_info=&#8220;{}&#8220;]<\/p>\n<h3 style=\"color: #162e2f;\">Newsletter<\/h3>\n<p>Bleiben Sie immer auf dem<br \/>\nneusten Stand und verpassen Sie keines<br \/>\nunserer Angebote.<\/p>\n<div class=\"newsletter-footer\"><form method=\"post\" action=\"https:\/\/www.parkhotel-del-mar.de\/?na=s\"><input type=\"text\" name=\"ne\" value=\"\">\r\n<input type=\"submit\"><\/form><\/div>\n<p>[\/et_pb_text][\/et_pb_column][\/et_pb_row][\/et_pb_section]<\/p>\n","protected":false},"excerpt":{"rendered":"<p>\u201eSchnell mal weg\u2026.\u201c Erleben Sie die erholsame, ruhige Atmosph\u00e4re nach dem Touristenandrang der Ferienzeit. Lange Spazierg\u00e4nge und Wanderungen am Meer, im Park und in unendlichen W\u00e4ldern. Die Leistungen im \u00dcberblick gerne k\u00f6nnen Sie auch Halbpension f\u00fcr 28,50 \u20ac p.P. \/Tag dazu buchen (hierbei erhalten Sie in unserem Partnerrestaurant \u201eAltstadt-Brasserie\u201c, ca. 200 m. vom Hotel entfernt, [&hellip;]<\/p>\n","protected":false},"author":1,"featured_media":0,"comment_status":"open","ping_status":"closed","template":"","meta":{"_et_pb_use_builder":"on","_et_pb_old_content":"","_et_gb_content_width":""},"project_category":[],"project_tag":[],"_links":{"self":[{"href":"https:\/\/www.parkhotel-del-mar.de\/index.php?rest_route=\/wp\/v2\/project\/529"}],"collection":[{"href":"https:\/\/www.parkhotel-del-mar.de\/index.php?rest_route=\/wp\/v2\/project"}],"about":[{"href":"https:\/\/www.parkhotel-del-mar.de\/index.php?rest_route=\/wp\/v2\/types\/project"}],"author":[{"embeddable":true,"href":"https:\/\/www.parkhotel-del-mar.de\/index.php?rest_route=\/wp\/v2\/users\/1"}],"replies":[{"embeddable":true,"href":"https:\/\/www.parkhotel-del-mar.de\/index.php?rest_route=%2Fwp%2Fv2%2Fcomments&post=529"}],"version-history":[{"count":10,"href":"https:\/\/www.parkhotel-del-mar.de\/index.php?rest_route=\/wp\/v2\/project\/529\/revisions"}],"predecessor-version":[{"id":1053,"href":"https:\/\/www.parkhotel-del-mar.de\/index.php?rest_route=\/wp\/v2\/project\/529\/revisions\/1053"}],"wp:attachment":[{"href":"https:\/\/www.parkhotel-del-mar.de\/index.php?rest_route=%2Fwp%2Fv2%2Fmedia&parent=529"}],"wp:term":[{"taxonomy":"project_category","embeddable":true,"href":"https:\/\/www.parkhotel-del-mar.de\/index.php?rest_route=%2Fwp%2Fv2%2Fproject_category&post=529"},{"taxonomy":"project_tag","embeddable":true,"href":"https:\/\/www.parkhotel-del-mar.de\/index.php?rest_route=%2Fwp%2Fv2%2Fproject_tag&post=529"}],"curies":[{"name":"wp","href":"https:\/\/api.w.org\/{rel}","templated":true}]}}